{"id":31,"date":"2014-08-16T15:51:27","date_gmt":"2014-08-16T13:51:27","guid":{"rendered":"http:\/\/www.sklenarice.com\/?page_id=31"},"modified":"2015-01-12T07:47:49","modified_gmt":"2015-01-12T06:47:49","slug":"jak-to-bylo-s-vysockym-medvedem","status":"publish","type":"page","link":"https:\/\/www.sklenarice.com\/aktuality\/historie\/povesti\/jak-to-bylo-s-vysockym-medvedem\/","title":{"rendered":"Jak to bylo s &#8220;vysock\u00fdm&#8221; medv\u011bdem?"},"content":{"rendered":"<p style=\"text-align: justify;\">Dle rukopisu z XII stolet\u00ed, chovan\u00e9ho v dvorsk\u00e9 knihovn\u011b v\u00edde\u0148sk\u00e9, tiskem vydal F. Men\u010d\u00edk. Proroctv\u00ed Havlasa Pavlaty, souseda v m\u011bste\u010dku Vysok\u00e9m, stalo se, jak rukopis ud\u00e1v\u00e1, kolem roku 1500 a p\u0159epsal je, jak t\u00fd\u017e rukopis sv\u011bd\u010d\u00ed, roku 1510 kn\u011bz \u0160imon Derdarda, &#8220;kazatel v c\u00edrkvi P\u00e1n\u011b v m\u011bste\u010dku Vysok\u00e9m&#8221;. Proroctv\u00ed je t\u00e9\u017e oti\u0161t\u011bno v kn\u00ed\u017ece &#8220;Kde se b\u011bl\u00ed Krkono\u0161e&#8221;, vydan\u00e9 roku 1834.<br \/>\nHavlas Pavlata byl uhl\u00ed\u0159em a p\u00e1lil na Vysocku mil\u00ed\u0159e. Ve Sklena\u0159ic\u00edch, Rokytnici, Pasek\u00e1ch a pod. Ve sv\u00e9m proroctv\u00ed ud\u00e1v\u00e1, \u017ee p\u00e1lil p\u0159i krut\u00e9m mrazu mil\u00ed\u0159 v Rokytnici. Tentokr\u00e1t nemohl medv\u011bd v lese pro hroznou zimu obst\u00e1ti a p\u0159i\u0161el se oh\u0159\u00edvati k mil\u00ed\u0159i.<br \/>\nByla noc a t\u0159eskut\u00e1 zima. Medv\u011bd se zah\u0159\u00edval z jedn\u00e9 strany a Havlas Pavlata st\u00e1l z druh\u00e9 strany a h\u00e1zel mu chl\u00e9b. Co m\u011bl chleba, v\u0161echen mu nal\u00e1mal a nah\u00e1zel. Druh\u00e9 noci p\u0159i\u0161el medv\u011bd zase a op\u011bt se nechal krmit chlebem. A sytil se a krotl. Kdy\u017e medv\u011bd p\u0159i\u0161el t\u0159et\u00ed noc, m\u011bl na n\u011bj ji\u017e Havlas Pavlata p\u0159ichyst\u00e1nu b\u0159ezovou hou\u017eev. D\u00e1val mu zase chl\u00e9b, hladil ho a potom mu tu hou\u017eev prot\u00e1hl skrze ch\u0159\u00edp\u00ed a vedl ho a\u017e do Vysok\u00e9ho, odtud s Bro\u017eem Vrchlabsk\u00fdm a\u017e do Prahy.<br \/>\nM\u011bsto Vysok\u00e9 m\u00e1 ve sv\u00e9m znaku Havlasa Pavlatu, jak vede na hou\u017evi medv\u011bda. T\u00e9\u017e m\u011bsto Rokytnice m\u00e1 ve \u010dtvrcen\u00e9m znaku medv\u011bda.<br \/>\nA co my, Sklena\u0159i\u010dt\u00ed?<br \/>\nDle pov\u011bsti odehr\u00e1l se v\u00fd\u0161e popsan\u00fd d\u011bj ve Sklena\u0159ic\u00edch, je\u017e byly tehdy sou\u010d\u00e1st\u00ed Vysok\u00e9ho. Dosud \u0159\u00edk\u00e1me &#8220;u uhl\u00ed\u0159\u016f&#8221; m\u011bsti\u0161ti b\u00fdval\u00e9ho domku uhl\u00ed\u0159sk\u00e9ho (proti \u010d\u00edslu 114). Havlas Pavlata m\u011bl u n\u00e1s bydli\u0161t\u011b, by\u0165 p\u0159echodn\u00e9, co jsou \u010d\u00edsla popisn\u00e1 36 a 37. K domu \u010dp. 37 jest do dnes p\u0159\u00eddomek &#8220;u Havelk\u016f&#8221;.<br \/>\nT\u00e9ma Havlase Pavlaty a jeho medv\u011bda je t\u00edm spr\u00e1vn\u00fdm t\u00e9matem, pokud chcete po\u0161tvat sklena\u0159i\u010d\u00e1ky proti vyso\u010d\u00e1k\u016fm. My sklena\u0159i\u010d\u00e1ci jim toti\u017e nem\u016f\u017eeme vyso\u010d\u00e1k\u016fm zapomenout, jak si tento p\u0159\u00edb\u011bh p\u0159ivlastnili.<\/p>\n<div id=\"attachment_702\" style=\"width: 191px\" class=\"wp-caption aligncenter\"><a href=\"http:\/\/www.sklenarice.com\/wp-content\/uploads\/2014\/08\/Vysocky-znak.jpg\" data-rel=\"lightbox-image-0\" data-rl_title=\"\" data-rl_caption=\"\" title=\"\"><img loading=\"lazy\" decoding=\"async\" aria-describedby=\"caption-attachment-702\" class=\"wp-image-702 size-full\" src=\"http:\/\/www.sklenarice.com\/wp-content\/uploads\/2014\/08\/Vysocky-znak.jpg\" alt=\"Vysock\u00fd znak s na\u0161\u00edm medv\u011bdem\" width=\"181\" height=\"200\" \/><\/a><p id=\"caption-attachment-702\" class=\"wp-caption-text\">Vysock\u00fd znak s na\u0161\u00edm medv\u011bdem<\/p><\/div>\n","protected":false},"excerpt":{"rendered":"<p>Dle rukopisu z XII stolet\u00ed, chovan\u00e9ho v dvorsk\u00e9 knihovn\u011b v\u00edde\u0148sk\u00e9, tiskem vydal F. Men\u010d\u00edk. Proroctv\u00ed Havlasa Pavlaty, souseda v m\u011bste\u010dku Vysok\u00e9m, stalo se, jak rukopis ud\u00e1v\u00e1, kolem roku 1500 a p\u0159epsal je, jak t\u00fd\u017e rukopis sv\u011bd\u010d\u00ed, roku 1510 kn\u011bz \u0160imon Derdarda, &#8220;kazatel v c\u00edrkvi P\u00e1n\u011b v m\u011bste\u010dku Vysok\u00e9m&#8221;. Proroctv\u00ed je t\u00e9\u017e oti\u0161t\u011bno v kn\u00ed\u017ece &#8220;Kde [&hellip;]<\/p>\n","protected":false},"author":1,"featured_media":0,"parent":29,"menu_order":0,"comment_status":"closed","ping_status":"closed","template":"","meta":{"ngg_post_thumbnail":0,"footnotes":""},"class_list":["post-31","page","type-page","status-publish","hentry"],"yoast_head":"<!-- This site is optimized with the Yoast SEO plugin v27.5 - https:\/\/yoast.com\/product\/yoast-seo-wordpress\/ -->\n<title>Jak to bylo s &quot;vysock\u00fdm&quot; medv\u011bdem?  - Sklena\u0159ice<\/title>\n<meta name=\"robots\" content=\"index, follow, max-snippet:-1, max-image-preview:large, max-video-preview:-1\" \/>\n<link rel=\"canonical\" href=\"https:\/\/www.sklenarice.com\/aktuality\/historie\/povesti\/jak-to-bylo-s-vysockym-medvedem\/\" \/>\n<meta property=\"og:locale\" content=\"cs_CZ\" \/>\n<meta property=\"og:type\" content=\"article\" \/>\n<meta property=\"og:title\" content=\"Jak to bylo s &quot;vysock\u00fdm&quot; medv\u011bdem?  - Sklena\u0159ice\" \/>\n<meta property=\"og:description\" content=\"Dle rukopisu z XII stolet\u00ed, chovan\u00e9ho v dvorsk\u00e9 knihovn\u011b v\u00edde\u0148sk\u00e9, tiskem vydal F. Men\u010d\u00edk. Proroctv\u00ed Havlasa Pavlaty, souseda v m\u011bste\u010dku Vysok\u00e9m, stalo se, jak rukopis ud\u00e1v\u00e1, kolem roku 1500 a p\u0159epsal je, jak t\u00fd\u017e rukopis sv\u011bd\u010d\u00ed, roku 1510 kn\u011bz \u0160imon Derdarda, &#8220;kazatel v c\u00edrkvi P\u00e1n\u011b v m\u011bste\u010dku Vysok\u00e9m&#8221;. Proroctv\u00ed je t\u00e9\u017e oti\u0161t\u011bno v kn\u00ed\u017ece &#8220;Kde [&hellip;]\" \/>\n<meta property=\"og:url\" content=\"https:\/\/www.sklenarice.com\/aktuality\/historie\/povesti\/jak-to-bylo-s-vysockym-medvedem\/\" \/>\n<meta property=\"og:site_name\" content=\"Sklena\u0159ice\" \/>\n<meta property=\"article:publisher\" content=\"https:\/\/www.facebook.com\/sklenky\/\" \/>\n<meta property=\"article:modified_time\" content=\"2015-01-12T06:47:49+00:00\" \/>\n<meta property=\"og:image\" content=\"http:\/\/www.sklenarice.com\/wp-content\/uploads\/2014\/08\/Vysocky-znak.jpg\" \/>\n<meta name=\"twitter:card\" content=\"summary_large_image\" \/>\n<meta name=\"twitter:label1\" content=\"Odhadovan\u00e1 doba \u010dten\u00ed\" \/>\n\t<meta name=\"twitter:data1\" content=\"2 minuty\" \/>\n<script type=\"application\/ld+json\" class=\"yoast-schema-graph\">{\"@context\":\"https:\\\/\\\/schema.org\",\"@graph\":[{\"@type\":\"WebPage\",\"@id\":\"https:\\\/\\\/www.sklenarice.com\\\/aktuality\\\/historie\\\/povesti\\\/jak-to-bylo-s-vysockym-medvedem\\\/\",\"url\":\"https:\\\/\\\/www.sklenarice.com\\\/aktuality\\\/historie\\\/povesti\\\/jak-to-bylo-s-vysockym-medvedem\\\/\",\"name\":\"Jak to bylo s \\\"vysock\u00fdm\\\" medv\u011bdem? - Sklena\u0159ice\",\"isPartOf\":{\"@id\":\"https:\\\/\\\/www.sklenarice.com\\\/aktuality\\\/#website\"},\"primaryImageOfPage\":{\"@id\":\"https:\\\/\\\/www.sklenarice.com\\\/aktuality\\\/historie\\\/povesti\\\/jak-to-bylo-s-vysockym-medvedem\\\/#primaryimage\"},\"image\":{\"@id\":\"https:\\\/\\\/www.sklenarice.com\\\/aktuality\\\/historie\\\/povesti\\\/jak-to-bylo-s-vysockym-medvedem\\\/#primaryimage\"},\"thumbnailUrl\":\"http:\\\/\\\/www.sklenarice.com\\\/wp-content\\\/uploads\\\/2014\\\/08\\\/Vysocky-znak.jpg\",\"datePublished\":\"2014-08-16T13:51:27+00:00\",\"dateModified\":\"2015-01-12T06:47:49+00:00\",\"breadcrumb\":{\"@id\":\"https:\\\/\\\/www.sklenarice.com\\\/aktuality\\\/historie\\\/povesti\\\/jak-to-bylo-s-vysockym-medvedem\\\/#breadcrumb\"},\"inLanguage\":\"cs\",\"potentialAction\":[{\"@type\":\"ReadAction\",\"target\":[\"https:\\\/\\\/www.sklenarice.com\\\/aktuality\\\/historie\\\/povesti\\\/jak-to-bylo-s-vysockym-medvedem\\\/\"]}]},{\"@type\":\"ImageObject\",\"inLanguage\":\"cs\",\"@id\":\"https:\\\/\\\/www.sklenarice.com\\\/aktuality\\\/historie\\\/povesti\\\/jak-to-bylo-s-vysockym-medvedem\\\/#primaryimage\",\"url\":\"http:\\\/\\\/www.sklenarice.com\\\/wp-content\\\/uploads\\\/2014\\\/08\\\/Vysocky-znak.jpg\",\"contentUrl\":\"http:\\\/\\\/www.sklenarice.com\\\/wp-content\\\/uploads\\\/2014\\\/08\\\/Vysocky-znak.jpg\"},{\"@type\":\"BreadcrumbList\",\"@id\":\"https:\\\/\\\/www.sklenarice.com\\\/aktuality\\\/historie\\\/povesti\\\/jak-to-bylo-s-vysockym-medvedem\\\/#breadcrumb\",\"itemListElement\":[{\"@type\":\"ListItem\",\"position\":1,\"name\":\"Dom\u016f\",\"item\":\"https:\\\/\\\/www.sklenarice.com\\\/aktuality\\\/\"},{\"@type\":\"ListItem\",\"position\":2,\"name\":\"Historie\",\"item\":\"https:\\\/\\\/www.sklenarice.com\\\/aktuality\\\/historie\\\/\"},{\"@type\":\"ListItem\",\"position\":3,\"name\":\"Pov\u011bsti\",\"item\":\"https:\\\/\\\/www.sklenarice.com\\\/aktuality\\\/historie\\\/povesti\\\/\"},{\"@type\":\"ListItem\",\"position\":4,\"name\":\"Jak to bylo s &#8222;vysock\u00fdm&#8220; medv\u011bdem?\"}]},{\"@type\":\"WebSite\",\"@id\":\"https:\\\/\\\/www.sklenarice.com\\\/aktuality\\\/#website\",\"url\":\"https:\\\/\\\/www.sklenarice.com\\\/aktuality\\\/\",\"name\":\"Sklena\u0159ice\",\"description\":\"str\u00e1nky obce z podh\u016f\u0159\u00ed Krkono\u0161 a Jizersk\u00fdch hor\",\"potentialAction\":[{\"@type\":\"SearchAction\",\"target\":{\"@type\":\"EntryPoint\",\"urlTemplate\":\"https:\\\/\\\/www.sklenarice.com\\\/aktuality\\\/?s={search_term_string}\"},\"query-input\":{\"@type\":\"PropertyValueSpecification\",\"valueRequired\":true,\"valueName\":\"search_term_string\"}}],\"inLanguage\":\"cs\"}]}<\/script>\n<!-- \/ Yoast SEO plugin. -->","yoast_head_json":{"title":"Jak to bylo s \"vysock\u00fdm\" medv\u011bdem?  - Sklena\u0159ice","robots":{"index":"index","follow":"follow","max-snippet":"max-snippet:-1","max-image-preview":"max-image-preview:large","max-video-preview":"max-video-preview:-1"},"canonical":"https:\/\/www.sklenarice.com\/aktuality\/historie\/povesti\/jak-to-bylo-s-vysockym-medvedem\/","og_locale":"cs_CZ","og_type":"article","og_title":"Jak to bylo s \"vysock\u00fdm\" medv\u011bdem?  - Sklena\u0159ice","og_description":"Dle rukopisu z XII stolet\u00ed, chovan\u00e9ho v dvorsk\u00e9 knihovn\u011b v\u00edde\u0148sk\u00e9, tiskem vydal F. Men\u010d\u00edk. Proroctv\u00ed Havlasa Pavlaty, souseda v m\u011bste\u010dku Vysok\u00e9m, stalo se, jak rukopis ud\u00e1v\u00e1, kolem roku 1500 a p\u0159epsal je, jak t\u00fd\u017e rukopis sv\u011bd\u010d\u00ed, roku 1510 kn\u011bz \u0160imon Derdarda, &#8220;kazatel v c\u00edrkvi P\u00e1n\u011b v m\u011bste\u010dku Vysok\u00e9m&#8221;. Proroctv\u00ed je t\u00e9\u017e oti\u0161t\u011bno v kn\u00ed\u017ece &#8220;Kde [&hellip;]","og_url":"https:\/\/www.sklenarice.com\/aktuality\/historie\/povesti\/jak-to-bylo-s-vysockym-medvedem\/","og_site_name":"Sklena\u0159ice","article_publisher":"https:\/\/www.facebook.com\/sklenky\/","article_modified_time":"2015-01-12T06:47:49+00:00","og_image":[{"url":"http:\/\/www.sklenarice.com\/wp-content\/uploads\/2014\/08\/Vysocky-znak.jpg","type":"","width":"","height":""}],"twitter_card":"summary_large_image","twitter_misc":{"Odhadovan\u00e1 doba \u010dten\u00ed":"2 minuty"},"schema":{"@context":"https:\/\/schema.org","@graph":[{"@type":"WebPage","@id":"https:\/\/www.sklenarice.com\/aktuality\/historie\/povesti\/jak-to-bylo-s-vysockym-medvedem\/","url":"https:\/\/www.sklenarice.com\/aktuality\/historie\/povesti\/jak-to-bylo-s-vysockym-medvedem\/","name":"Jak to bylo s \"vysock\u00fdm\" medv\u011bdem? - Sklena\u0159ice","isPartOf":{"@id":"https:\/\/www.sklenarice.com\/aktuality\/#website"},"primaryImageOfPage":{"@id":"https:\/\/www.sklenarice.com\/aktuality\/historie\/povesti\/jak-to-bylo-s-vysockym-medvedem\/#primaryimage"},"image":{"@id":"https:\/\/www.sklenarice.com\/aktuality\/historie\/povesti\/jak-to-bylo-s-vysockym-medvedem\/#primaryimage"},"thumbnailUrl":"http:\/\/www.sklenarice.com\/wp-content\/uploads\/2014\/08\/Vysocky-znak.jpg","datePublished":"2014-08-16T13:51:27+00:00","dateModified":"2015-01-12T06:47:49+00:00","breadcrumb":{"@id":"https:\/\/www.sklenarice.com\/aktuality\/historie\/povesti\/jak-to-bylo-s-vysockym-medvedem\/#breadcrumb"},"inLanguage":"cs","potentialAction":[{"@type":"ReadAction","target":["https:\/\/www.sklenarice.com\/aktuality\/historie\/povesti\/jak-to-bylo-s-vysockym-medvedem\/"]}]},{"@type":"ImageObject","inLanguage":"cs","@id":"https:\/\/www.sklenarice.com\/aktuality\/historie\/povesti\/jak-to-bylo-s-vysockym-medvedem\/#primaryimage","url":"http:\/\/www.sklenarice.com\/wp-content\/uploads\/2014\/08\/Vysocky-znak.jpg","contentUrl":"http:\/\/www.sklenarice.com\/wp-content\/uploads\/2014\/08\/Vysocky-znak.jpg"},{"@type":"BreadcrumbList","@id":"https:\/\/www.sklenarice.com\/aktuality\/historie\/povesti\/jak-to-bylo-s-vysockym-medvedem\/#breadcrumb","itemListElement":[{"@type":"ListItem","position":1,"name":"Dom\u016f","item":"https:\/\/www.sklenarice.com\/aktuality\/"},{"@type":"ListItem","position":2,"name":"Historie","item":"https:\/\/www.sklenarice.com\/aktuality\/historie\/"},{"@type":"ListItem","position":3,"name":"Pov\u011bsti","item":"https:\/\/www.sklenarice.com\/aktuality\/historie\/povesti\/"},{"@type":"ListItem","position":4,"name":"Jak to bylo s &#8222;vysock\u00fdm&#8220; medv\u011bdem?"}]},{"@type":"WebSite","@id":"https:\/\/www.sklenarice.com\/aktuality\/#website","url":"https:\/\/www.sklenarice.com\/aktuality\/","name":"Sklena\u0159ice","description":"str\u00e1nky obce z podh\u016f\u0159\u00ed Krkono\u0161 a Jizersk\u00fdch hor","potentialAction":[{"@type":"SearchAction","target":{"@type":"EntryPoint","urlTemplate":"https:\/\/www.sklenarice.com\/aktuality\/?s={search_term_string}"},"query-input":{"@type":"PropertyValueSpecification","valueRequired":true,"valueName":"search_term_string"}}],"inLanguage":"cs"}]}},"_links":{"self":[{"href":"https:\/\/www.sklenarice.com\/aktuality\/wp-json\/wp\/v2\/pages\/31","targetHints":{"allow":["GET"]}}],"collection":[{"href":"https:\/\/www.sklenarice.com\/aktuality\/wp-json\/wp\/v2\/pages"}],"about":[{"href":"https:\/\/www.sklenarice.com\/aktuality\/wp-json\/wp\/v2\/types\/page"}],"author":[{"embeddable":true,"href":"https:\/\/www.sklenarice.com\/aktuality\/wp-json\/wp\/v2\/users\/1"}],"replies":[{"embeddable":true,"href":"https:\/\/www.sklenarice.com\/aktuality\/wp-json\/wp\/v2\/comments?post=31"}],"version-history":[{"count":3,"href":"https:\/\/www.sklenarice.com\/aktuality\/wp-json\/wp\/v2\/pages\/31\/revisions"}],"predecessor-version":[{"id":703,"href":"https:\/\/www.sklenarice.com\/aktuality\/wp-json\/wp\/v2\/pages\/31\/revisions\/703"}],"up":[{"embeddable":true,"href":"https:\/\/www.sklenarice.com\/aktuality\/wp-json\/wp\/v2\/pages\/29"}],"wp:attachment":[{"href":"https:\/\/www.sklenarice.com\/aktuality\/wp-json\/wp\/v2\/media?parent=31"}],"curies":[{"name":"wp","href":"https:\/\/api.w.org\/{rel}","templated":true}]}}