{"id":67,"date":"2014-08-16T16:32:15","date_gmt":"2014-08-16T14:32:15","guid":{"rendered":"http:\/\/www.sklenarice.com\/?page_id=67"},"modified":"2014-08-27T21:16:07","modified_gmt":"2014-08-27T19:16:07","slug":"putovani-za-kralem-jizerskych-hor","status":"publish","type":"page","link":"https:\/\/www.sklenarice.com\/aktuality\/tipy\/vylety\/putovani-za-kralem-jizerskych-hor\/","title":{"rendered":"Putov\u00e1n\u00ed za kr\u00e1lem Jizersk\u00fdch hor"},"content":{"rendered":"<p style=\"text-align: center;\"><strong>&#8212; ?? km &#8212;<\/strong><\/p>\n<p><b>TRASA: Sklena\u0159ice &#8211; \u010cerm\u00e1kovy Rovn\u011b (2km) &#8211; Rejdice (4km) &#8211; P\u0159\u00edchovice, odb. na \u0160t\u011bp\u00e1nku (7,5km) &#8211; P\u0159\u00edchovice, motorest Beseda (9km) &#8211; Horn\u00ed Polubn\u00fd, kostel (11,5km) &#8211; odb. Sou\u0161 (13,5km) &#8211; Sou\u0161, p\u0159ehrada () &#8211; odb. k Protr\u017een\u00e9 p\u0159ehrad\u011b () &#8211; odb. na Kas\u00e1renskou silnici () &#8211; Sm\u011bdava () P\u0159ed\u011bl () &#8211; odb. na Nebesk\u00fd \u017eeb\u0159\u00edk () &#8211; Ti\u0161ina () Smrk () &#8211; Ti\u0161ina () &#8211; P\u0159ed\u011bl () &#8211; k\u00e1men Houba () &#8211; Pod Jelen\u00ed str\u00e1n\u00ed () &#8211; Jizerka, skoro u Hnojov\u00e9ho domu () &#8211; Jizerka, parkovi\u0161t\u011b u penzionu Pod Bukovcem () &#8211; V\u00e1clav\u00edkova Stud\u00e1nka () &#8211; Horn\u00ed Polubn\u00fd, kostel () &#8211; a zp\u011bt po zn\u00e1m\u00e9 trase. ()<\/b><\/p>\n<p><i>Velice n\u00e1ro\u010dn\u00e1 trasa, zejm\u00e9na stoup\u00e1n\u00ed na Smrk je vysiluj\u00edc\u00ed<\/i><\/p>\n<p style=\"text-align: justify;\">Z k\u0159i\u017eovatky p\u0159ed Mexikem se vyd\u00e1me vzh\u016fru do m\u00edrn\u00e9ho kopce sm\u011brem na P\u0159\u00edchovice. P\u0159ipravme se na cca 6 km \u0161lap\u00e1n\u00ed do ped\u00e1l\u016f, ale ne n\u011bjak zvl\u00e1\u0161\u0165 n\u00e1ro\u010dn\u00e9ho. Hned v prvn\u00edm kilometru m\u00edj\u00edme samotu &#8220;Amerika&#8221;, je to nyn\u00ed ji\u017e opravovan\u00fd domek po prav\u00e9 stran\u011b. Asi po kilometru cesty do kopce se ter\u00e9n narovn\u00e1, co\u017e znamen\u00e1, \u017ee jsme se ocitli na \u010cerm\u00e1kov\u00fdch Rovn\u00edch, sou\u010d\u00e1sti Sklena\u0159ic. Mineme odbo\u010dku do Pasek nad Jizerou a j\u00edzdu na rovince vyu\u017eijeme k pohledu na Kotel a Lysou horu a pod nimi na Rokytnici nad Jizerou. Kdy\u017e se dostate\u010dn\u011b naba\u017e\u00edme tohoto kr\u00e1sn\u00e9ho pohledu, pokra\u010dujeme d\u00e1le po silnici ji\u017e zase do m\u00edrn\u00e9ho kopce.<br \/>\nKdy\u017e vyjedem z lesa a m\u00e1me \u0161t\u011bst\u00ed na po\u010das\u00ed, m\u016f\u017eeme se zase hezky rozhl\u00eddnout po okol\u00ed. Ale to u\u017e budeme m\u00edt v noh\u00e1ch 4,5 km, a octneme se ji\u017e v obci zvan\u00e9 Rejdice. Hned na jej\u00edm za\u010d\u00e1tku m\u00edj\u00edme hostinec Espero, na konci zase penzion Agros. Rejdice n\u00e1m poskytuj\u00ed pohled na opa\u010dnou stranu, ne\u017e tomu bylo na Rovn\u00edch. A tak se m\u016f\u017eeme kochat pohledy na Jizersk\u00e9 hory, konkr\u00e9tn\u011bji t\u0159eba na Tanvald a jeho \u0160pi\u010d\u00e1k, rozhlednu \u010cern\u00e1 Studnice a nebo t\u0159eba i Je\u0161t\u011bd. U penzionu Agros p\u0159ijde ji\u017e asi tolik o\u010dek\u00e1v\u00e1n\u00e9 narovn\u00e1n\u00ed ter\u00e9nu, po 5,2 kilometrech ur\u010dit\u011b zaslou\u017een\u00e9 a a\u017e do P\u0159\u00edchovic se ji\u017e dostaneme jen s nepatrn\u00fdm \u00fasil\u00edm. Rovina si asi po kilometru d\u00e1 \u0159\u00edct a zm\u011bn\u00ed se v kles\u00e1n\u00ed, kter\u00e9 je dlouh\u00e9 n\u011bkolik kilometr\u016f. Do P\u0159\u00edchovic m\u016f\u017eeme tedy p\u0159ijet ji\u017e ve zna\u010dn\u00e9 rychlosti, ale mo\u017en\u00e1 by to byla \u0161koda, proto\u017ee ji\u017e p\u0159ed nimi se m\u016f\u017eeme op\u011bt rozhl\u00e9dnout do jizerskohorsk\u00e9 krajiny, nyn\u00ed je v\u0161ak obzor mnohem \u0161ir\u0161\u00ed. Kdy\u017e mineme odbo\u010dku na rozhlednu \u0160t\u011bp\u00e1nka, na kterou to je odsud necel\u00fd kilometr, sledujeme hlavn\u011b t\u00e9m\u011b\u0159 na obzoru \u00fadoln\u00ed n\u00e1dr\u017e Sou\u0161 a v d\u00e1lce za n\u00ed t\u0159et\u00ed nejvy\u0161\u0161\u00ed vrchol Jizersk\u00fdch hor Jizeru (1122 m.n.m.), s jej\u00edmi typick\u00fdmi skaln\u00edmi \u00fatvary na vrcholku. St\u00e1le pad\u00e1me do \u00fadol\u00ed, a\u017e k motorestu Beseda. Za motorestem zahneme doprava, jedeme asi 100 metr\u016f a pak odbo\u010dujeme doleva. Ji\u017e po rovin\u011b a pak z kopce se dostaneme do Polubn\u00e9ho, cestou sledujeme po prav\u00e9 stran\u011b nikdy nepou\u017eit\u00e1 opevn\u011bn\u00ed proti ve t\u0159ic\u00e1t\u00fdch letech se rozp\u00ednaj\u00edc\u00edmu N\u011bmecku. V Polubn\u00e9m u kostela odbo\u010d\u00edme vlevo, po dvou stech metrech m\u00edj\u00edme odbo\u010dku doprava na B\u00edlou Vydru. Pozd\u011bji stejn\u011b nev\u0161\u00edmav\u011b neodbo\u010d\u00edme na polosamotu N\u00fd\u010dovy domky, jedeme p\u0159eci za kr\u00e1lem &#8230; Doprava odbo\u010dujeme a\u017e tehdy, kdy\u017e vid\u00edme prudk\u00fd kopec nahoru, kter\u00fd sm\u011b\u0159uje k vodn\u00ed n\u00e1dr\u017ei Sou\u0161. P\u0159iprav\u00edme se na opravdu prudk\u00e9 stoup\u00e1n\u00ed\u010dko stoup\u00e1n\u00ed, kde jinde taky hledat vodu, ne\u017e na kopci, \u017ee? \ud83d\ude42 Ale neboj\u00edme se toho p\u0159\u00edli\u0161, ji\u017e za n\u011bkolik okam\u017eik\u016f budeme zato moct sledovat kr\u00e1sn\u00e9 v\u00fdhledy na P\u0159\u00edchovicko, jeho kostel a rozhlednu \u0160t\u011bp\u00e1nka. U\u017e to stoj\u00ed za to a to je\u0161t\u011b tu\u0161\u00edme, \u017ee jsme za chv\u00edli u kr\u00e1sn\u00e9 vodn\u00ed plochy, p\u0159ehrady Sou\u0161, kter\u00e1 vznikla v letech 1912-15 p\u0159ehrazen\u00edm \u010cern\u00e9 Desn\u00e9. Ve stejn\u00e9 dob\u011b a stejnou metodou (sypan\u00e1 hr\u00e1z) byla postavena i p\u0159ehrada na B\u00edl\u00e9 Desn\u00e9, kter\u00e1 se v roce 1916 protrhla a tak se nebylo \u010demu divit, kdy\u017e byla po t\u00e9hle tragick\u00e9 ud\u00e1losti vypu\u0161t\u011bna i Sou\u0161sk\u00e1 p\u0159ehrada a napln\u011bna byla znovu a\u017e po d\u016fkladn\u00e9 revizi v letech 1925-27. Hr\u00e1z dosahuje 21 metr\u016f nad ter\u00e9nem, dlouh\u00e1 je 364 metr\u016f a zaplavuje plochu 364 hektary. A\u017e do roku 1974 byla vyu\u017e\u00edv\u00e1na pro rekreaci, pak byla asanov\u00e1na a p\u0159ebudov\u00e1na na rezervo\u00e1r pitn\u00e9 vody. Tak\u017ee koup\u00e1n\u00ed nebude. Jedeme po kr\u00e1sn\u00e9 silni\u010dce kolem t\u00e9to \u010dist\u00e9 vodn\u00ed plochy a posledn\u00edm staven\u00edm, kter\u00e9 po prav\u00e9 stran\u011b m\u00edj\u00edme, je penzion Darre. Darre je vlastn\u011b p\u016fvodn\u00ed n\u011bmeck\u00e1 verze nynej\u0161\u00edho \u010desk\u00e9ho p\u0159ekladu Sou\u0161. P\u0159ed t\u00edmto penzionem se n\u00e1m m\u016f\u017ee lehce st\u00e1t, \u017ee naraz\u00edme na z\u00e1voru a nebudeme moct pokra\u010dovat d\u00e1le. S nejv\u011bt\u0161\u00ed pravd\u011bpodobnost\u00ed se n\u00e1m to nestane mezi 1.5. a 15.10., kde je Sou\u0161sk\u00e1 silnice v provozu. Po zbytek roku je uzav\u0159ena a pokud je na n\u00ed sn\u00edh, jako to t\u0159eba dokl\u00e1d\u00e1 sn\u00edmek z 26.\u00fanora 2002, nen\u00ed opravdu moc rozumn\u00e9 pokra\u010dovat n\u011bkam d\u00e1le.<br \/>\nMy v\u0161ak ur\u010dit\u011b do t\u011bchto m\u00edst vyr\u00e1\u017e\u00edme a\u017e kdy\u017e l\u00e9to jasn\u011b v\u00edt\u011bz\u00ed a m\u016f\u017eeme tedy sm\u011ble d\u00e1l, a\u017e se octneme mimo dohled p\u0159ehrady a dojedeme na rozcest\u00ed se \u017elutou turistickou zna\u010dkou, odol\u00e1me jej\u00edm svod\u016fm a pokra\u010dujeme st\u00e1le rovn\u011b do m\u00edrn\u00e9ho kopce, kter\u00fd se pak v serpent\u00fdn\u00e1ch m\u011bn\u00ed na kopec a\u017e neslu\u0161n\u00e9ho stoup\u00e1n\u00ed, ale p\u0159i pohledu vlevo na opravdu zelenou str\u00e1\u0148 Zelen\u00e9ho vrchu se n\u00e1m \u0161lape i do tohoto kopce dob\u0159e. V\u0161ak jsme za chv\u00edli naho\u0159e, na k\u0159i\u017eovatce s Kas\u00e1renskou silnic\u00ed. Neodbo\u010d\u00edme v\u0161ak kupodivu vlevo, ale jedeme st\u00e1le rovn\u011b, a\u017e jsme najednou rychl\u00fdm kles\u00e1n\u00edm dovedeni na Sm\u011bdavu, co\u017e je velk\u00e1 chata s ob\u010derstven\u00edm. B\u00fdv\u00e1 zde pom\u011brn\u011b ru\u0161no a nen\u00ed se \u010demu divit, odsud je to do Jizersk\u00fdch hor v\u0161ude bl\u00edzko, d\u00e1 se zde parkovat s autem a nav\u00edc jsme u\u017e ve slu\u0161n\u00e9 nadmo\u0159sk\u00e9 v\u00fd\u0161ce.<br \/>\nKdybysme nazaj\u00ed\u017ed\u011bli ke Sm\u011bdav\u011b, zahnuli bysme je\u0161t\u011b p\u0159ed parkovi\u0161t\u011bm doprava a vydali se do sv\u011bta za z\u00e1vorou. Sledujeme \u010dervenou turistickou trasu, na prvn\u00ed k\u0159i\u017eovatce zah\u00fdb\u00e1me doleva, po chvilce zase doleva, zkr\u00e1tka si to po \u010derven\u00e9 p\u011bkn\u011b z vesela uh\u00e1n\u00edme na P\u0159ed\u011bl. Toto nev\u00fdrazn\u00e9 sedlo mezi Ploch\u00fdm a Kl\u00ednov\u00fdm vrchem je tak nazv\u00e1no podle p\u0159ed\u011blu mezi Baltsk\u00fdm a Severn\u00edm mo\u0159em. M\u016f\u017eeme si zde mod\u0159e zajet na Pali\u010dn\u00edk a rozhl\u00e9dnout se na Fr\u00fddlantsko, ale my rad\u011bji \u0161et\u0159\u00edme s\u00edly a jedeme st\u00e1le po \u010derven\u00e9. Cestou k Nebesk\u00e9mu \u017eeb\u0159\u00edku nejd\u0159\u00edve kles\u00e1me, pak zase stoup\u00e1me, ale nic zvl\u00e1\u0161\u0165 vysiluj\u00edc\u00edho. Kdy\u017e jsme Na P\u00eds\u010din\u00e1ch, uv\u011bdom\u00edme si, jak bl\u00edzko to je k pramenu Jizery a tak\u00e9 t\u0159eba do Polska. Pak u\u017e teda vystoup\u00e1me k Nebesk\u00e9mu \u017eeb\u0159\u00edku, kde m\u00e1me mo\u017enost volby. Bu\u010f vezmeme kolo na ramena a po tomto \u017eeb\u0159\u00edku ho vyneseme a\u017e pod vrchol Smrku a nebo pojedeme po zelen\u00e9 a\u017e na Ti\u0161inu a odsud na Smrk poctiv\u011b vy\u0161lapeme v sedle. Prvn\u00ed varianta je a\u017e na vrchol dlouh\u00e1 asi kilometr, druh\u00e1 je asi 7x del\u0161\u00ed. S\u00e1m jsem absolvoval ob\u011b a nedok\u00e1\u017eu \u0159\u00edct, kter\u00e1 je leh\u010d\u00ed. Dejme tomu, \u017ee ta obj\u00ed\u017ed\u011bc\u00ed. Ale kdy\u017e o t\u011bch variant\u00e1ch p\u0159em\u00fd\u0161l\u00edme, nesm\u00edme zapomenout na to \u00fachvatn\u00e9 panor\u00e1ma t\u00e9m\u011b\u0159 cel\u00fdch Jizersk\u00fdch hor. P\u0159\u00edmo p\u0159ed n\u00e1m se ty\u010d\u00ed vrcholy jako Jizera a Sm\u011bdavsk\u00e1 hora, vlevo osamocen\u00fd Zelen\u00fd k\u00e1men a za n\u00edm \u010cesk\u00fd vrch s Pytl\u00e1ck\u00fdmi kameny, je\u0161t\u011b v\u00edce vlevo ploch\u00e9 \u00fadol\u00ed Jizery s Velkou Jizerskou loukou, vpravo pak dominuje Hejnick\u00fd h\u0159eben s Fr\u00fddlantsk\u00fdm cimbu\u0159\u00edm, O\u0159e\u0161n\u00edkem, Holubn\u00edkem a Poledn\u00edkem. Mo\u017en\u00e1 jen kv\u016fli je\u0161t\u011b lep\u0161\u00edmu rozhledu by bylo z\u00e1hodno p\u0159eci jen zvolit ten \u017eeb\u0159\u00edk &#8230; Ne, jedeme po zelen\u00e9 a\u017e na Ti\u0161inu, co\u017e je z kopce. Z Ti\u0161iny n\u00e1s pak \u010dek\u00e1 vysiluj\u00edc\u00ed stoup\u00e1n\u00ed po lesn\u00ed hl\u00ednou pokryt\u00e9 cest\u011b a proto\u017ee zde zrovna nen\u00ed zalesn\u011bno, pak se m\u016f\u017eeme za jasn\u00e9ho dne t\u011b\u0161it z pom\u011brn\u011b vydatn\u00e9 podpory slune\u010dn\u00edch paprsk\u016f &#8230; Ale co bysme neud\u011blali pro ten pocit, \u017ee v sedle vyjedeme a\u017e na kr\u00e1le Jizersk\u00fdch hor, na jejich druhou nejvy\u0161\u0161\u00ed horu, na nejvy\u0161\u0161\u00ed v jejich \u010desk\u00e9 \u010d\u00e1sti, na vrchol v nadmo\u0159sk\u00e9 v\u00fd\u0161ce 1124 metr\u016f nad mo\u0159em. \u0160koda, \u017ee Polsk\u00e1 Wysoka Kopa je o dva metry vy\u0161\u0161\u00ed &#8230; M\u00e1lem bych zapomn\u011bl, \u017ee na Ti\u0161in\u011b tedy odbo\u010dujeme doprava na \u010dervenou turistickou trasu a na rozcest\u00ed Pod Smrkem pak odbo\u010d\u00edme na posledn\u00ed p\u016flkilometr na modrou. Ten posledn\u00ed p\u016flkilometr je po hodn\u011b \u0161patn\u011b cest\u011b, ale p\u0159eci to p\u00e1r metr\u016f pod vrcholem nevzd\u00e1me &#8230; Zvl\u00e1\u0161tn\u00ed je, \u017ee na Smrku nen\u00ed nic zvl\u00e1\u0161tn\u00edho. Nikde nic. Jen lavi\u010dka, kde b\u00fdv\u00e1 pam\u011btn\u00ed se\u0161it, kam se samoz\u0159ejm\u011b zap\u00ed\u0161eme, kdy\u017e u\u017e jsme tady. A co tu je\u0161t\u011b b\u00fdv\u00e1 jsou velk\u00e1 hejna ov\u00e1du vpravd\u011b hov\u011bz\u00edch, kter\u00e1 krou\u017e\u00ed kolem na\u0161ich zpocen\u00fdch t\u011bl a hledaj\u00ed okam\u017eik, kdy se budou moct sv\u00fdmy ochm\u00fd\u0159en\u00fdm sos\u00e1\u010dky zabo\u0159it do na\u0161ich \u017eil a nas\u00e1t si kr\u00e1sn\u011b oh\u0159\u00e1t\u00e9 \u010derstv\u00e9 lidsk\u00e9 krve. M\u016f\u017ee se st\u00e1t, \u017ee budeme m\u00edt probl\u00e9m se do z\u00e1pisn\u00edku napsat, ani\u017e bychom o n\u011bjak\u00fd ten mililitr p\u0159i\u0161li &#8230; Ale i to je sou\u010d\u00e1st\u00ed dne\u0161n\u00edho v\u00fdletu. Na vrcholu Smrku, ale neb\u00fdvalo a doufejme, \u017ee zase nebude, tak mrtvo. St\u00e1vala tu a u\u017e zase stoj\u00ed rozhledna. D\u0159\u00edve tu bylo i n\u011bkolik chat, kter\u00e9 se postupn\u011b rozpadaly a zase stav\u011bly.<br \/>\nNovou rozhlednu na Smrku vystav\u011bl Spolek p\u0159\u00e1tel pro v\u00fdstavbu nov\u00e9 rozhledny z Nov\u00e9ho M\u011bsta pod Smrkem, nyn\u00ed tu m\u00e1me rozhlednu s otev\u0159enou v\u011b\u017e\u00ed, to\u010dit\u00fdm schodi\u0161t\u011bm a v p\u0159\u00edzem\u00ed s kioskem. Maketu rozhledny je mo\u017en\u00e9 vid\u011bt ve v\u00fdloze jednoho z dom\u016f na novom\u011bstsk\u00e9m n\u00e1m\u011bst\u00ed.<br \/>\nZ vrcholu Smrku se pak zcela naba\u017eeni vrac\u00edme stejnou cestou, jako jsme sem p\u0159ijeli. Tedy a\u017e na P\u0159ed\u011bl jedeme po stejn\u00e9 trase. Na P\u0159ed\u011blu zji\u0161\u0165ujeme, \u017ee m\u00e1me je\u0161t\u011b chu\u0165 n\u011bco nov\u00e9ho vid\u011bt a tak nejedeme d\u00e1l po \u010derven\u00e9, ale odbo\u010dujeme doleva na zelenou a p\u00e1l\u00edme si to pod\u00e9l Zelen\u00e9ho kamenu (933 m.n.m.) vpravo a\u017e ke k\u0159i\u017eovatce Zelen\u00fd k\u00e1men, kde tu zelenou smr\u0161\u0165 opust\u00edme a zahneme doleva na nezna\u010denou silni\u010dku, kter\u00e1 je m\u00edsty panelov\u00e1. A\u017e budeme m\u00edt po prav\u00e9 stran\u011b k\u00e1men Houba, pozn\u00e1me to. Po lev\u00e9 ruce je to v\u0161ude kolem sam\u00e9 ra\u0161elini\u0161t\u011b. Jedeme st\u00e1le d\u00e1l a d\u00e1l a zase to je u\u017e do kopce. Vpravo pak vid\u00edme Pytl\u00e1ck\u00e9 kameny (975 m.n.m) a Jelen\u00ed str\u00e1\u0148 (1018 m.n.m.), kam na\u0161t\u011bst\u00ed nesm\u011b\u0159ujeme a tento h\u0159eben projedeme v podstatn\u011b ni\u017e\u0161\u00edm m\u00edst\u011b. Na k\u0159i\u017eovatce s op\u011bt se objeviv\u0161\u00ed zelenou turistickou trasou nazvan\u00e9 Pod Jelen\u00ed str\u00e1n\u00ed jedeme tedy st\u00e1le rovn\u011b a\u017e do kr\u00e1lovny Jizersk\u00fdch hor, osady Jizerka. P\u0159ijedeme na k\u0159i\u017eovatku ve tvaru p\u00edsmene T. Doprava je to co by kamenem do Hnojov\u00e9ho domu a pak d\u00e1le zp\u011bt na Sm\u011bdavu. My se d\u00e1me vlevo a proj\u00ed\u017ed\u00edme touto p\u0159ekr\u00e1snou horskou osadou v pozad\u00ed s Bukovcem, kopcem pro zdej\u0161\u00ed osadu tak charakteristick\u00fdm.<br \/>\nJizerka je nejv\u00fd\u0161e polo\u017een\u00e1 osada severn\u00edch \u010cech, prvn\u00ed p\u00edsemn\u00e9 zm\u00ednky o n\u00ed jsou ze 16. stolet\u00ed. Zlat\u00fd v\u011bk t\u00e9to osady byl v\u0161ak a\u017e ve stolet\u00ed 19., kdy zde byla skl\u00e1\u0159sk\u00e1 hu\u0165 na v\u00fdrobu ty\u010d\u00ed a dut\u00e9ho skla a flak\u00f3n\u016f. Zalo\u017een\u00ed prvn\u00ed huti p\u0159ipom\u00edn\u00e1 dnes kamenn\u00e1 pyramida ve st\u0159edu osady, star\u00e1 hu\u0165 je v rozvalin\u00e1ch, nov\u00e1 stoj\u00ed dodnes, i kdy\u017e je od roku 1911 mimo provoz. V t\u00e9 dob\u011b se za\u010dali ze skl\u00e1\u0159\u016f st\u00e1vat zase d\u0159eva\u0159i a Jizerka postupn\u011b z\u00edsk\u00e1vala i \u00falohu rekrea\u010dn\u00ed. Vedle zmi\u0148ovan\u00e9 kamenn\u00e9 pyramidy pojedeme. Stoj\u00ed u chaty Pyramida, odkud n\u00e1s \u010dek\u00e1 prudk\u00e9 stoup\u00e1n\u00ed do horn\u00ed \u010d\u00e1sti osady, na parkovi\u0161t\u011b u Penzionu pod Bukovcem. Nen\u00ed v\u0161ak moc dlouh\u00e9, d\u00e1 se to. Z parkovi\u0161t\u011b pak dlouho stoupat nebudeme, \u010dek\u00e1 n\u00e1s cesta lesem, pak hybl\u00edk s p\u0159ejezdem p\u0159es potok bl\u00edzko samoty zvan\u00e9 Na Kobyle. Ano to je ten domek vpravo vedle silnice. Pokra\u010dujeme d\u00e1le, rozhl\u00ed\u017e\u00edme se zejm\u00e9na vlevo na Harrachovsk\u00e9 m\u016fstky, a\u017e dojedeme na samotu V\u00e1clav\u00edkova Stud\u00e1nka, kde v jedn\u00e9 z t\u011bch chalup po lev\u00e9 stran\u011b maj\u00ed Bernard\u00fdna velk\u00e9ho jako medv\u011bda, tak pozor, aby n\u00e1s nese\u017eral. Pokud se n\u00e1m povede bezpe\u010dn\u011b projet, pokra\u010dujeme p\u011bkn\u011b z kopce a\u017e do Horn\u00edho Polubn\u00e9ho ke kostelu, odkud bysme ji\u017e cestu zp\u011bt do Sklena\u0159ic zn\u00e1t m\u011bli.<\/p>\n","protected":false},"excerpt":{"rendered":"<p>&#8212; ?? km &#8212; TRASA: Sklena\u0159ice &#8211; \u010cerm\u00e1kovy Rovn\u011b (2km) &#8211; Rejdice (4km) &#8211; P\u0159\u00edchovice, odb. na \u0160t\u011bp\u00e1nku (7,5km) &#8211; P\u0159\u00edchovice, motorest Beseda (9km) &#8211; Horn\u00ed Polubn\u00fd, kostel (11,5km) &#8211; odb. Sou\u0161 (13,5km) &#8211; Sou\u0161, p\u0159ehrada () &#8211; odb. k Protr\u017een\u00e9 p\u0159ehrad\u011b () &#8211; odb. na Kas\u00e1renskou silnici () &#8211; Sm\u011bdava () P\u0159ed\u011bl () &#8211; [&hellip;]<\/p>\n","protected":false},"author":1,"featured_media":0,"parent":54,"menu_order":0,"comment_status":"closed","ping_status":"closed","template":"onecolumn-page.php","meta":{"ngg_post_thumbnail":0,"footnotes":""},"class_list":["post-67","page","type-page","status-publish","hentry"],"yoast_head":"<!-- This site is optimized with the Yoast SEO plugin v27.5 - https:\/\/yoast.com\/product\/yoast-seo-wordpress\/ -->\n<title>Putov\u00e1n\u00ed za kr\u00e1lem Jizersk\u00fdch hor - Sklena\u0159ice<\/title>\n<meta name=\"robots\" content=\"index, follow, max-snippet:-1, max-image-preview:large, max-video-preview:-1\" \/>\n<link rel=\"canonical\" href=\"https:\/\/www.sklenarice.com\/aktuality\/tipy\/vylety\/putovani-za-kralem-jizerskych-hor\/\" \/>\n<meta property=\"og:locale\" content=\"cs_CZ\" \/>\n<meta property=\"og:type\" content=\"article\" \/>\n<meta property=\"og:title\" content=\"Putov\u00e1n\u00ed za kr\u00e1lem Jizersk\u00fdch hor - Sklena\u0159ice\" \/>\n<meta property=\"og:description\" content=\"&#8212; ?? km &#8212; TRASA: Sklena\u0159ice &#8211; \u010cerm\u00e1kovy Rovn\u011b (2km) &#8211; Rejdice (4km) &#8211; P\u0159\u00edchovice, odb. na \u0160t\u011bp\u00e1nku (7,5km) &#8211; P\u0159\u00edchovice, motorest Beseda (9km) &#8211; Horn\u00ed Polubn\u00fd, kostel (11,5km) &#8211; odb. Sou\u0161 (13,5km) &#8211; Sou\u0161, p\u0159ehrada () &#8211; odb. k Protr\u017een\u00e9 p\u0159ehrad\u011b () &#8211; odb. na Kas\u00e1renskou silnici () &#8211; Sm\u011bdava () P\u0159ed\u011bl () &#8211; [&hellip;]\" \/>\n<meta property=\"og:url\" content=\"https:\/\/www.sklenarice.com\/aktuality\/tipy\/vylety\/putovani-za-kralem-jizerskych-hor\/\" \/>\n<meta property=\"og:site_name\" content=\"Sklena\u0159ice\" \/>\n<meta property=\"article:publisher\" content=\"https:\/\/www.facebook.com\/sklenky\/\" \/>\n<meta property=\"article:modified_time\" content=\"2014-08-27T19:16:07+00:00\" \/>\n<meta name=\"twitter:card\" content=\"summary_large_image\" \/>\n<meta name=\"twitter:label1\" content=\"Odhadovan\u00e1 doba \u010dten\u00ed\" \/>\n\t<meta name=\"twitter:data1\" content=\"12 minut\" \/>\n<script type=\"application\/ld+json\" class=\"yoast-schema-graph\">{\"@context\":\"https:\\\/\\\/schema.org\",\"@graph\":[{\"@type\":\"WebPage\",\"@id\":\"https:\\\/\\\/www.sklenarice.com\\\/aktuality\\\/tipy\\\/vylety\\\/putovani-za-kralem-jizerskych-hor\\\/\",\"url\":\"https:\\\/\\\/www.sklenarice.com\\\/aktuality\\\/tipy\\\/vylety\\\/putovani-za-kralem-jizerskych-hor\\\/\",\"name\":\"Putov\u00e1n\u00ed za kr\u00e1lem Jizersk\u00fdch hor - Sklena\u0159ice\",\"isPartOf\":{\"@id\":\"https:\\\/\\\/www.sklenarice.com\\\/aktuality\\\/#website\"},\"datePublished\":\"2014-08-16T14:32:15+00:00\",\"dateModified\":\"2014-08-27T19:16:07+00:00\",\"breadcrumb\":{\"@id\":\"https:\\\/\\\/www.sklenarice.com\\\/aktuality\\\/tipy\\\/vylety\\\/putovani-za-kralem-jizerskych-hor\\\/#breadcrumb\"},\"inLanguage\":\"cs\",\"potentialAction\":[{\"@type\":\"ReadAction\",\"target\":[\"https:\\\/\\\/www.sklenarice.com\\\/aktuality\\\/tipy\\\/vylety\\\/putovani-za-kralem-jizerskych-hor\\\/\"]}]},{\"@type\":\"BreadcrumbList\",\"@id\":\"https:\\\/\\\/www.sklenarice.com\\\/aktuality\\\/tipy\\\/vylety\\\/putovani-za-kralem-jizerskych-hor\\\/#breadcrumb\",\"itemListElement\":[{\"@type\":\"ListItem\",\"position\":1,\"name\":\"Dom\u016f\",\"item\":\"https:\\\/\\\/www.sklenarice.com\\\/aktuality\\\/\"},{\"@type\":\"ListItem\",\"position\":2,\"name\":\"Tipy\",\"item\":\"https:\\\/\\\/www.sklenarice.com\\\/aktuality\\\/tipy\\\/\"},{\"@type\":\"ListItem\",\"position\":3,\"name\":\"Cyklov\u00fdlety\",\"item\":\"https:\\\/\\\/www.sklenarice.com\\\/aktuality\\\/tipy\\\/vylety\\\/\"},{\"@type\":\"ListItem\",\"position\":4,\"name\":\"Putov\u00e1n\u00ed za kr\u00e1lem Jizersk\u00fdch hor\"}]},{\"@type\":\"WebSite\",\"@id\":\"https:\\\/\\\/www.sklenarice.com\\\/aktuality\\\/#website\",\"url\":\"https:\\\/\\\/www.sklenarice.com\\\/aktuality\\\/\",\"name\":\"Sklena\u0159ice\",\"description\":\"str\u00e1nky obce z podh\u016f\u0159\u00ed Krkono\u0161 a Jizersk\u00fdch hor\",\"potentialAction\":[{\"@type\":\"SearchAction\",\"target\":{\"@type\":\"EntryPoint\",\"urlTemplate\":\"https:\\\/\\\/www.sklenarice.com\\\/aktuality\\\/?s={search_term_string}\"},\"query-input\":{\"@type\":\"PropertyValueSpecification\",\"valueRequired\":true,\"valueName\":\"search_term_string\"}}],\"inLanguage\":\"cs\"}]}<\/script>\n<!-- \/ Yoast SEO plugin. -->","yoast_head_json":{"title":"Putov\u00e1n\u00ed za kr\u00e1lem Jizersk\u00fdch hor - Sklena\u0159ice","robots":{"index":"index","follow":"follow","max-snippet":"max-snippet:-1","max-image-preview":"max-image-preview:large","max-video-preview":"max-video-preview:-1"},"canonical":"https:\/\/www.sklenarice.com\/aktuality\/tipy\/vylety\/putovani-za-kralem-jizerskych-hor\/","og_locale":"cs_CZ","og_type":"article","og_title":"Putov\u00e1n\u00ed za kr\u00e1lem Jizersk\u00fdch hor - Sklena\u0159ice","og_description":"&#8212; ?? km &#8212; TRASA: Sklena\u0159ice &#8211; \u010cerm\u00e1kovy Rovn\u011b (2km) &#8211; Rejdice (4km) &#8211; P\u0159\u00edchovice, odb. na \u0160t\u011bp\u00e1nku (7,5km) &#8211; P\u0159\u00edchovice, motorest Beseda (9km) &#8211; Horn\u00ed Polubn\u00fd, kostel (11,5km) &#8211; odb. Sou\u0161 (13,5km) &#8211; Sou\u0161, p\u0159ehrada () &#8211; odb. k Protr\u017een\u00e9 p\u0159ehrad\u011b () &#8211; odb. na Kas\u00e1renskou silnici () &#8211; Sm\u011bdava () P\u0159ed\u011bl () &#8211; [&hellip;]","og_url":"https:\/\/www.sklenarice.com\/aktuality\/tipy\/vylety\/putovani-za-kralem-jizerskych-hor\/","og_site_name":"Sklena\u0159ice","article_publisher":"https:\/\/www.facebook.com\/sklenky\/","article_modified_time":"2014-08-27T19:16:07+00:00","twitter_card":"summary_large_image","twitter_misc":{"Odhadovan\u00e1 doba \u010dten\u00ed":"12 minut"},"schema":{"@context":"https:\/\/schema.org","@graph":[{"@type":"WebPage","@id":"https:\/\/www.sklenarice.com\/aktuality\/tipy\/vylety\/putovani-za-kralem-jizerskych-hor\/","url":"https:\/\/www.sklenarice.com\/aktuality\/tipy\/vylety\/putovani-za-kralem-jizerskych-hor\/","name":"Putov\u00e1n\u00ed za kr\u00e1lem Jizersk\u00fdch hor - Sklena\u0159ice","isPartOf":{"@id":"https:\/\/www.sklenarice.com\/aktuality\/#website"},"datePublished":"2014-08-16T14:32:15+00:00","dateModified":"2014-08-27T19:16:07+00:00","breadcrumb":{"@id":"https:\/\/www.sklenarice.com\/aktuality\/tipy\/vylety\/putovani-za-kralem-jizerskych-hor\/#breadcrumb"},"inLanguage":"cs","potentialAction":[{"@type":"ReadAction","target":["https:\/\/www.sklenarice.com\/aktuality\/tipy\/vylety\/putovani-za-kralem-jizerskych-hor\/"]}]},{"@type":"BreadcrumbList","@id":"https:\/\/www.sklenarice.com\/aktuality\/tipy\/vylety\/putovani-za-kralem-jizerskych-hor\/#breadcrumb","itemListElement":[{"@type":"ListItem","position":1,"name":"Dom\u016f","item":"https:\/\/www.sklenarice.com\/aktuality\/"},{"@type":"ListItem","position":2,"name":"Tipy","item":"https:\/\/www.sklenarice.com\/aktuality\/tipy\/"},{"@type":"ListItem","position":3,"name":"Cyklov\u00fdlety","item":"https:\/\/www.sklenarice.com\/aktuality\/tipy\/vylety\/"},{"@type":"ListItem","position":4,"name":"Putov\u00e1n\u00ed za kr\u00e1lem Jizersk\u00fdch hor"}]},{"@type":"WebSite","@id":"https:\/\/www.sklenarice.com\/aktuality\/#website","url":"https:\/\/www.sklenarice.com\/aktuality\/","name":"Sklena\u0159ice","description":"str\u00e1nky obce z podh\u016f\u0159\u00ed Krkono\u0161 a Jizersk\u00fdch hor","potentialAction":[{"@type":"SearchAction","target":{"@type":"EntryPoint","urlTemplate":"https:\/\/www.sklenarice.com\/aktuality\/?s={search_term_string}"},"query-input":{"@type":"PropertyValueSpecification","valueRequired":true,"valueName":"search_term_string"}}],"inLanguage":"cs"}]}},"_links":{"self":[{"href":"https:\/\/www.sklenarice.com\/aktuality\/wp-json\/wp\/v2\/pages\/67","targetHints":{"allow":["GET"]}}],"collection":[{"href":"https:\/\/www.sklenarice.com\/aktuality\/wp-json\/wp\/v2\/pages"}],"about":[{"href":"https:\/\/www.sklenarice.com\/aktuality\/wp-json\/wp\/v2\/types\/page"}],"author":[{"embeddable":true,"href":"https:\/\/www.sklenarice.com\/aktuality\/wp-json\/wp\/v2\/users\/1"}],"replies":[{"embeddable":true,"href":"https:\/\/www.sklenarice.com\/aktuality\/wp-json\/wp\/v2\/comments?post=67"}],"version-history":[{"count":1,"href":"https:\/\/www.sklenarice.com\/aktuality\/wp-json\/wp\/v2\/pages\/67\/revisions"}],"predecessor-version":[{"id":68,"href":"https:\/\/www.sklenarice.com\/aktuality\/wp-json\/wp\/v2\/pages\/67\/revisions\/68"}],"up":[{"embeddable":true,"href":"https:\/\/www.sklenarice.com\/aktuality\/wp-json\/wp\/v2\/pages\/54"}],"wp:attachment":[{"href":"https:\/\/www.sklenarice.com\/aktuality\/wp-json\/wp\/v2\/media?parent=67"}],"curies":[{"name":"wp","href":"https:\/\/api.w.org\/{rel}","templated":true}]}}